{"id":316,"date":"2018-11-27T19:34:16","date_gmt":"2018-11-27T18:34:16","guid":{"rendered":"https:\/\/parafiaprzyszowa.pl\/?page_id=316"},"modified":"2025-03-20T17:26:56","modified_gmt":"2025-03-20T16:26:56","slug":"grupy-duszpasterskie","status":"publish","type":"page","link":"https:\/\/parafiaprzyszowa.pl\/index.php\/grupy-duszpasterskie\/","title":{"rendered":"Grupy parafialne"},"content":{"rendered":"<ul>\n<li style=\"font-weight: 400;\">Parafialna Rada Duszpasterska<\/li>\n<li>Parafialna Rada Ekonomiczna<\/li>\n<li style=\"font-weight: 400;\">Akcja Katolicka<\/li>\n<li>Domowy Ko\u015bci\u00f3\u0142<\/li>\n<li style=\"font-weight: 400;\">Bractwo Cechu \u015awiat\u0142a<\/li>\n<li style=\"font-weight: 400;\">Parafialny Zesp\u00f3\u0142 <em>Caritas<\/em><\/li>\n<li style=\"font-weight: 400;\">Czciciele Mi\u0142osierdzia Bo\u017cego<\/li>\n<li style=\"font-weight: 400;\">Dziewcz\u0119ca S\u0142u\u017cba Maryjna<\/li>\n<li style=\"font-weight: 400;\">Liturgiczna S\u0142u\u017cba O\u0142tarza\n<ul>\n<li style=\"font-weight: 400;\">Ceremoniarze<\/li>\n<li style=\"font-weight: 400;\">Lektorzy<\/li>\n<li style=\"font-weight: 400;\">Ministranci<\/li>\n<\/ul>\n<\/li>\n<li style=\"font-weight: 400;\">Grupa M\u0142odzie\u017cowa<\/li>\n<li style=\"font-weight: 400;\">Grupa Papieskiego Dzie\u0142a Misyjnego Dzieci<\/li>\n<li style=\"font-weight: 400;\">R\u00f3\u017ce \u017bywego R\u00f3\u017ca\u0144ca<\/li>\n<li>R\u00f3\u017ce R\u00f3\u017ca\u0144ca Rodzic\u00f3w za Dzieci<\/li>\n<li>Nadzwyczajni szafarze Komunii \u015awi\u0119tej<\/li>\n<\/ul>\n\n\n<p><\/p>\n","protected":false},"excerpt":{"rendered":"<p>Parafialna Rada Duszpasterska Parafialna Rada Ekonomiczna Akcja Katolicka Domowy Ko\u015bci\u00f3\u0142 Bractwo Cechu \u015awiat\u0142a Parafialny Zesp\u00f3\u0142 Caritas Czciciele Mi\u0142osierdzia Bo\u017cego Dziewcz\u0119ca S\u0142u\u017cba Maryjna Liturgiczna S\u0142u\u017cba O\u0142tarza Ceremoniarze Lektorzy Ministranci Grupa M\u0142odzie\u017cowa Grupa Papieskiego Dzie\u0142a Misyjnego Dzieci R\u00f3\u017ce \u017bywego R\u00f3\u017ca\u0144ca R\u00f3\u017ce R\u00f3\u017ca\u0144ca Rodzic\u00f3w za Dzieci Nadzwyczajni szafarze Komunii \u015awi\u0119tej<\/p>\n","protected":false},"author":1,"featured_media":0,"parent":0,"menu_order":0,"comment_status":"closed","ping_status":"closed","template":"","meta":{"footnotes":""},"class_list":["post-316","page","type-page","status-publish","hentry"],"yoast_head":"<!-- This site is optimized with the Yoast SEO plugin v20.4 - https:\/\/yoast.com\/wordpress\/plugins\/seo\/ -->\n<title>Grupy parafialne - Parafia Przyszowa<\/title>\n<meta name=\"robots\" content=\"index, follow, max-snippet:-1, max-image-preview:large, max-video-preview:-1\" \/>\n<link rel=\"canonical\" href=\"https:\/\/parafiaprzyszowa.pl\/index.php\/grupy-duszpasterskie\/\" \/>\n<meta property=\"og:locale\" content=\"pl_PL\" \/>\n<meta property=\"og:type\" content=\"article\" \/>\n<meta property=\"og:title\" content=\"Grupy parafialne - Parafia Przyszowa\" \/>\n<meta property=\"og:description\" content=\"Parafialna Rada Duszpasterska Parafialna Rada Ekonomiczna Akcja Katolicka Domowy Ko\u015bci\u00f3\u0142 Bractwo Cechu \u015awiat\u0142a Parafialny Zesp\u00f3\u0142 Caritas Czciciele Mi\u0142osierdzia Bo\u017cego Dziewcz\u0119ca S\u0142u\u017cba Maryjna Liturgiczna S\u0142u\u017cba O\u0142tarza Ceremoniarze Lektorzy Ministranci Grupa M\u0142odzie\u017cowa Grupa Papieskiego Dzie\u0142a Misyjnego Dzieci R\u00f3\u017ce \u017bywego R\u00f3\u017ca\u0144ca R\u00f3\u017ce R\u00f3\u017ca\u0144ca Rodzic\u00f3w za Dzieci Nadzwyczajni szafarze Komunii \u015awi\u0119tej\" \/>\n<meta property=\"og:url\" content=\"https:\/\/parafiaprzyszowa.pl\/index.php\/grupy-duszpasterskie\/\" \/>\n<meta property=\"og:site_name\" content=\"Parafia Przyszowa\" \/>\n<meta property=\"article:modified_time\" content=\"2025-03-20T16:26:56+00:00\" \/>\n<meta name=\"twitter:card\" content=\"summary_large_image\" \/>\n<meta name=\"twitter:label1\" content=\"Szacowany czas czytania\" \/>\n\t<meta name=\"twitter:data1\" content=\"1 minuta\" \/>\n<script type=\"application\/ld+json\" class=\"yoast-schema-graph\">{\"@context\":\"https:\/\/schema.org\",\"@graph\":[{\"@type\":\"WebPage\",\"@id\":\"https:\/\/parafiaprzyszowa.pl\/index.php\/grupy-duszpasterskie\/\",\"url\":\"https:\/\/parafiaprzyszowa.pl\/index.php\/grupy-duszpasterskie\/\",\"name\":\"Grupy parafialne - Parafia Przyszowa\",\"isPartOf\":{\"@id\":\"https:\/\/parafiaprzyszowa.pl\/#website\"},\"datePublished\":\"2018-11-27T18:34:16+00:00\",\"dateModified\":\"2025-03-20T16:26:56+00:00\",\"breadcrumb\":{\"@id\":\"https:\/\/parafiaprzyszowa.pl\/index.php\/grupy-duszpasterskie\/#breadcrumb\"},\"inLanguage\":\"pl-PL\",\"potentialAction\":[{\"@type\":\"ReadAction\",\"target\":[\"https:\/\/parafiaprzyszowa.pl\/index.php\/grupy-duszpasterskie\/\"]}]},{\"@type\":\"BreadcrumbList\",\"@id\":\"https:\/\/parafiaprzyszowa.pl\/index.php\/grupy-duszpasterskie\/#breadcrumb\",\"itemListElement\":[{\"@type\":\"ListItem\",\"position\":1,\"name\":\"Strona g\u0142\u00f3wna\",\"item\":\"https:\/\/parafiaprzyszowa.pl\/\"},{\"@type\":\"ListItem\",\"position\":2,\"name\":\"Grupy parafialne\"}]},{\"@type\":\"WebSite\",\"@id\":\"https:\/\/parafiaprzyszowa.pl\/#website\",\"url\":\"https:\/\/parafiaprzyszowa.pl\/\",\"name\":\"Parafia Przyszowa\",\"description\":\"Oficjalna strona Parafii pw. \u015bw. Miko\u0142aja Biskupa w Przyszowej\",\"potentialAction\":[{\"@type\":\"SearchAction\",\"target\":{\"@type\":\"EntryPoint\",\"urlTemplate\":\"https:\/\/parafiaprzyszowa.pl\/?s={search_term_string}\"},\"query-input\":\"required name=search_term_string\"}],\"inLanguage\":\"pl-PL\"}]}<\/script>\n<!-- \/ Yoast SEO plugin. -->","yoast_head_json":{"title":"Grupy parafialne - Parafia Przyszowa","robots":{"index":"index","follow":"follow","max-snippet":"max-snippet:-1","max-image-preview":"max-image-preview:large","max-video-preview":"max-video-preview:-1"},"canonical":"https:\/\/parafiaprzyszowa.pl\/index.php\/grupy-duszpasterskie\/","og_locale":"pl_PL","og_type":"article","og_title":"Grupy parafialne - Parafia Przyszowa","og_description":"Parafialna Rada Duszpasterska Parafialna Rada Ekonomiczna Akcja Katolicka Domowy Ko\u015bci\u00f3\u0142 Bractwo Cechu \u015awiat\u0142a Parafialny Zesp\u00f3\u0142 Caritas Czciciele Mi\u0142osierdzia Bo\u017cego Dziewcz\u0119ca S\u0142u\u017cba Maryjna Liturgiczna S\u0142u\u017cba O\u0142tarza Ceremoniarze Lektorzy Ministranci Grupa M\u0142odzie\u017cowa Grupa Papieskiego Dzie\u0142a Misyjnego Dzieci R\u00f3\u017ce \u017bywego R\u00f3\u017ca\u0144ca R\u00f3\u017ce R\u00f3\u017ca\u0144ca Rodzic\u00f3w za Dzieci Nadzwyczajni szafarze Komunii \u015awi\u0119tej","og_url":"https:\/\/parafiaprzyszowa.pl\/index.php\/grupy-duszpasterskie\/","og_site_name":"Parafia Przyszowa","article_modified_time":"2025-03-20T16:26:56+00:00","twitter_card":"summary_large_image","twitter_misc":{"Szacowany czas czytania":"1 minuta"},"schema":{"@context":"https:\/\/schema.org","@graph":[{"@type":"WebPage","@id":"https:\/\/parafiaprzyszowa.pl\/index.php\/grupy-duszpasterskie\/","url":"https:\/\/parafiaprzyszowa.pl\/index.php\/grupy-duszpasterskie\/","name":"Grupy parafialne - Parafia Przyszowa","isPartOf":{"@id":"https:\/\/parafiaprzyszowa.pl\/#website"},"datePublished":"2018-11-27T18:34:16+00:00","dateModified":"2025-03-20T16:26:56+00:00","breadcrumb":{"@id":"https:\/\/parafiaprzyszowa.pl\/index.php\/grupy-duszpasterskie\/#breadcrumb"},"inLanguage":"pl-PL","potentialAction":[{"@type":"ReadAction","target":["https:\/\/parafiaprzyszowa.pl\/index.php\/grupy-duszpasterskie\/"]}]},{"@type":"BreadcrumbList","@id":"https:\/\/parafiaprzyszowa.pl\/index.php\/grupy-duszpasterskie\/#breadcrumb","itemListElement":[{"@type":"ListItem","position":1,"name":"Strona g\u0142\u00f3wna","item":"https:\/\/parafiaprzyszowa.pl\/"},{"@type":"ListItem","position":2,"name":"Grupy parafialne"}]},{"@type":"WebSite","@id":"https:\/\/parafiaprzyszowa.pl\/#website","url":"https:\/\/parafiaprzyszowa.pl\/","name":"Parafia Przyszowa","description":"Oficjalna strona Parafii pw. \u015bw. Miko\u0142aja Biskupa w Przyszowej","potentialAction":[{"@type":"SearchAction","target":{"@type":"EntryPoint","urlTemplate":"https:\/\/parafiaprzyszowa.pl\/?s={search_term_string}"},"query-input":"required name=search_term_string"}],"inLanguage":"pl-PL"}]}},"_links":{"self":[{"href":"https:\/\/parafiaprzyszowa.pl\/index.php\/wp-json\/wp\/v2\/pages\/316","targetHints":{"allow":["GET"]}}],"collection":[{"href":"https:\/\/parafiaprzyszowa.pl\/index.php\/wp-json\/wp\/v2\/pages"}],"about":[{"href":"https:\/\/parafiaprzyszowa.pl\/index.php\/wp-json\/wp\/v2\/types\/page"}],"author":[{"embeddable":true,"href":"https:\/\/parafiaprzyszowa.pl\/index.php\/wp-json\/wp\/v2\/users\/1"}],"replies":[{"embeddable":true,"href":"https:\/\/parafiaprzyszowa.pl\/index.php\/wp-json\/wp\/v2\/comments?post=316"}],"version-history":[{"count":6,"href":"https:\/\/parafiaprzyszowa.pl\/index.php\/wp-json\/wp\/v2\/pages\/316\/revisions"}],"predecessor-version":[{"id":6316,"href":"https:\/\/parafiaprzyszowa.pl\/index.php\/wp-json\/wp\/v2\/pages\/316\/revisions\/6316"}],"wp:attachment":[{"href":"https:\/\/parafiaprzyszowa.pl\/index.php\/wp-json\/wp\/v2\/media?parent=316"}],"curies":[{"name":"wp","href":"https:\/\/api.w.org\/{rel}","templated":true}]}}